{"id":17,"date":"2020-12-28T18:22:00","date_gmt":"2020-12-28T17:22:00","guid":{"rendered":"http:\/\/evang-dornbirn.at\/?page_id=17"},"modified":"2026-08-30T18:42:06","modified_gmt":"2026-08-30T16:42:06","slug":"startseite","status":"publish","type":"page","link":"https:\/\/evang-dornbirn.at\/Startseite\/","title":{"rendered":"Evangelische Pfarrgemeinde Dornbirn"},"content":{"rendered":"\n<p class=\"wp-block-paragraph\">A.u.H.B. Dornbirn mit den Predigtstellen Lustenau und Hohenems<\/p>\n\n\n\n<h5 class=\"wp-block-heading\"><strong><mark style=\"background-color:rgba(0, 0, 0, 0);color:#0693e3\" class=\"has-inline-color\">Unsere kommenden Gottesdienste:<\/mark><\/strong><\/h5>\n\n\n\n<ul class=\"wp-block-list\">\n<li><strong>in Dornbirn:<\/strong> <mark style=\"background-color:rgba(0, 0, 0, 0)\" class=\"has-inline-color has-contrast-color\">am 06.09. um <\/mark>10 Uhr mit Pfr. Dietmar Weikl-Eschner<img loading=\"lazy\" decoding=\"async\" width=\"25\" height=\"25\" class=\"wp-image-359\" style=\"width: 25px;\" src=\"https:\/\/evang-dornbirn.at\/wp-content\/uploads\/2025\/10\/Designer.png\" alt=\"\"><br>\u26ea <em>Heilandskirche in der Rosenstra\u00dfe 8<\/em><\/li>\n\n\n\n<li><mark style=\"background-color:rgba(0, 0, 0, 0)\" class=\"has-inline-color has-contrast-color\"><strong>in Lustenau:<\/strong> am 13.09. um <\/mark>10 Uhr mit Stefan Buschauer<img loading=\"lazy\" decoding=\"async\" width=\"25\" height=\"25\" class=\"wp-image-359\" style=\"width: 25px;\" src=\"https:\/\/evang-dornbirn.at\/wp-content\/uploads\/2025\/10\/Designer.png\" alt=\"\"><br>\u26ea <em>Roseggerstr. 2; gut erreichbar <\/em>\ud83d\ude8f <em>mit dem Landbus 160, 161 aus Dornbirn<\/em><br><\/li>\n\n\n\n<li><strong><mark style=\"background-color:rgba(0, 0, 0, 0)\" class=\"has-inline-color has-contrast-color\">in Hohenems:<\/mark><\/strong> am SA 19.09. um 18 Uhr mit Pfr. Dietmar Weikl-Eschner<img loading=\"lazy\" decoding=\"async\" width=\"25\" height=\"25\" class=\"wp-image-359\" style=\"width: 25px;\" src=\"https:\/\/evang-dornbirn.at\/wp-content\/uploads\/2025\/10\/Designer.png\" alt=\"\"><br>\u26ea <em>Karlskapelle, Karlstr. Ecke Bahnhofstr., 600m von<\/em> <em>Bhf. Hohenems entfernt<\/em><\/li>\n<\/ul>\n\n\n\n<p class=\"wp-block-paragraph\">Das gesamte <a href=\"https:\/\/evang-dornbirn.at\/Startseite\/gottesdiensteplan\/\" data-type=\"page\" data-id=\"177\">Gottesdienstplan bis zum Anfang 2027 finden Sie hier<\/a>.<\/p>\n\n\n\n<p class=\"wp-block-paragraph\">. . . . . . . . . . . . . . . . . . . . . . . . . . . . . . . . . . . . . .<\/p>\n\n\n\n<div class=\"wp-block-query is-layout-flow wp-block-query-is-layout-flow\">\n<h5 class=\"wp-block-heading\" style=\"font-size:clamp(14.642px, 0.915rem + ((1vw - 3.2px) * 0.836), 22px);\"><mark style=\"background-color:rgba(0, 0, 0, 0)\" class=\"has-inline-color has-secondary-color\"><strong>Kommende Veranstaltungen in unserer Gemeinde:<\/strong><\/mark><\/h5>\n\n\n\n<h6 class=\"wp-block-heading has-text-align-center\"><\/h6>\n\n\n\n<div class=\"wp-block-media-text is-stacked-on-mobile\"><figure class=\"wp-block-media-text__media\"><a href=\"https:\/\/ww2.evang-dornbirn.at\/seniorennachmittag\/\"><img loading=\"lazy\" decoding=\"async\" width=\"1024\" height=\"768\" src=\"https:\/\/evang-dornbirn.at\/wp-content\/uploads\/2025\/09\/senioren-nachmittag-1024x768.jpg\" alt=\"\" class=\"wp-image-283 size-full\" srcset=\"https:\/\/evang-dornbirn.at\/wp-content\/uploads\/2025\/09\/senioren-nachmittag-1024x768.jpg 1024w, https:\/\/evang-dornbirn.at\/wp-content\/uploads\/2025\/09\/senioren-nachmittag-300x225.jpg 300w, https:\/\/evang-dornbirn.at\/wp-content\/uploads\/2025\/09\/senioren-nachmittag-768x576.jpg 768w, https:\/\/evang-dornbirn.at\/wp-content\/uploads\/2025\/09\/senioren-nachmittag-1536x1152.jpg 1536w, https:\/\/evang-dornbirn.at\/wp-content\/uploads\/2025\/09\/senioren-nachmittag.jpg 2048w\" sizes=\"auto, (max-width: 1024px) 100vw, 1024px\" \/><\/a><\/figure><div class=\"wp-block-media-text__content\">\n<p class=\"wp-block-paragraph\"><strong><strong>Seniorennachmittag<\/strong><\/strong><\/p>\n\n\n\n<p class=\"wp-block-paragraph\">Spannende Themen und inspirierende Referent:innen, diesmal mit unserem neuen Pfarrer Dietmar Weikl-Eschner. <br>Am 2. September um 14:30 Uhr. <a href=\"https:\/\/ww2.evang-dornbirn.at\/seniorennachmittag\/\" data-type=\"post\" data-id=\"130\">Mehr dazu<\/a><\/p>\n<\/div><\/div>\n\n\n\n<div class=\"wp-block-media-text is-stacked-on-mobile\"><figure class=\"wp-block-media-text__media\"><a href=\"https:\/\/ww2.evang-dornbirn.at\/keiner-fruehstueckt-gerne-allein\/\"><img loading=\"lazy\" decoding=\"async\" width=\"1024\" height=\"768\" src=\"https:\/\/evang-dornbirn.at\/wp-content\/uploads\/2025\/09\/img_20240324_1059551-1-1024x768.jpg\" alt=\"\" class=\"wp-image-151 size-full\" srcset=\"https:\/\/evang-dornbirn.at\/wp-content\/uploads\/2025\/09\/img_20240324_1059551-1-1024x768.jpg 1024w, https:\/\/evang-dornbirn.at\/wp-content\/uploads\/2025\/09\/img_20240324_1059551-1-300x225.jpg 300w, https:\/\/evang-dornbirn.at\/wp-content\/uploads\/2025\/09\/img_20240324_1059551-1-768x576.jpg 768w, https:\/\/evang-dornbirn.at\/wp-content\/uploads\/2025\/09\/img_20240324_1059551-1-1536x1152.jpg 1536w, https:\/\/evang-dornbirn.at\/wp-content\/uploads\/2025\/09\/img_20240324_1059551-1-2048x1536.jpg 2048w\" sizes=\"auto, (max-width: 1024px) 100vw, 1024px\" \/><\/a><\/figure><div class=\"wp-block-media-text__content\">\n<p class=\"wp-block-paragraph\"><strong><strong>Keiner fr\u00fchst\u00fcckt gerne allein<\/strong><\/strong><\/p>\n\n\n\n<p class=\"wp-block-paragraph\">F\u00fcr alle, die lieber gemeinsam in den Tag starten. <br>Am 8. September ab 9:00 Uhr. <a href=\"https:\/\/ww2.evang-dornbirn.at\/keiner-fruehstueckt-gerne-allein\/\" data-type=\"post\" data-id=\"132\">Mehr dazu<\/a><\/p>\n<\/div><\/div>\n\n\n\n<div class=\"wp-block-media-text is-stacked-on-mobile\"><figure class=\"wp-block-media-text__media\"><a href=\"https:\/\/ww2.evang-dornbirn.at\/wir-laden-ein-zum-familiengottesdienst\/\"><img loading=\"lazy\" decoding=\"async\" width=\"246\" height=\"177\" src=\"https:\/\/evang-dornbirn.at\/wp-content\/uploads\/2025\/09\/familie.jpg\" alt=\"\" class=\"wp-image-253 size-full\"\/><\/a><\/figure><div class=\"wp-block-media-text__content\">\n<p class=\"wp-block-paragraph\"><strong><strong><mark style=\"background-color:rgba(0, 0, 0, 0);color:#ff6900\" class=\"has-inline-color\">Familien<\/mark><mark style=\"background-color:rgba(0, 0, 0, 0);color:#00d084\" class=\"has-inline-color\">gottes<\/mark><mark style=\"background-color:rgba(0, 0, 0, 0);color:#9b51e0\" class=\"has-inline-color\">dienst<\/mark><\/strong><\/strong> <\/p>\n\n\n\n<p class=\"wp-block-paragraph\">Am Sonntag, den 13. September um 10 Uhr bitten wir um Gottes Segen f\u00fcr das kommende Schuljahr. <a href=\"https:\/\/ww2.evang-dornbirn.at\/wir-laden-ein-zum-familiengottesdienst\/\" data-type=\"post\" data-id=\"132\">Mehr dazu<\/a><\/p>\n<\/div><\/div>\n\n\n\n<div class=\"wp-block-media-text is-stacked-on-mobile\"><figure class=\"wp-block-media-text__media\"><a href=\"https:\/\/ww2.evang-dornbirn.at\/und-was-glaubst-du-reden-wir-darueber\/\"><img loading=\"lazy\" decoding=\"async\" width=\"559\" height=\"427\" src=\"https:\/\/evang-dornbirn.at\/wp-content\/uploads\/2026\/08\/Karin.png\" alt=\"\" class=\"wp-image-752 size-full\" srcset=\"https:\/\/evang-dornbirn.at\/wp-content\/uploads\/2026\/08\/Karin.png 559w, https:\/\/evang-dornbirn.at\/wp-content\/uploads\/2026\/08\/Karin-300x229.png 300w\" sizes=\"auto, (max-width: 559px) 100vw, 559px\" \/><\/a><\/figure><div class=\"wp-block-media-text__content\">\n<p class=\"wp-block-paragraph\"><strong><strong>ErntedankKonzert<\/strong><\/strong><\/p>\n\n\n\n<p class=\"wp-block-paragraph\">Karin Amann und Hubert Sandner laden zu einer Klangreise durch den Herbst unter dem Motto \u201eIm Rhythmus der Ernte\u201c ein. Am 23. September um 19:30 Uhr. <a href=\"https:\/\/ww2.evang-dornbirn.at\/erntedankkonzert\/\" data-type=\"post\" data-id=\"138\">Mehr dazu<\/a><\/p>\n<\/div><\/div>\n\n\n\n<div class=\"wp-block-media-text is-stacked-on-mobile\"><figure class=\"wp-block-media-text__media\"><a href=\"https:\/\/ww2.evang-dornbirn.at\/und-was-glaubst-du-reden-wir-darueber\/\"><img loading=\"lazy\" decoding=\"async\" width=\"1024\" height=\"797\" src=\"https:\/\/evang-dornbirn.at\/wp-content\/uploads\/2025\/09\/bibeln-1-1-3-1024x797.jpg\" alt=\"\" class=\"wp-image-162 size-full\" srcset=\"https:\/\/evang-dornbirn.at\/wp-content\/uploads\/2025\/09\/bibeln-1-1-3-1024x797.jpg 1024w, https:\/\/evang-dornbirn.at\/wp-content\/uploads\/2025\/09\/bibeln-1-1-3-300x233.jpg 300w, https:\/\/evang-dornbirn.at\/wp-content\/uploads\/2025\/09\/bibeln-1-1-3-768x598.jpg 768w, https:\/\/evang-dornbirn.at\/wp-content\/uploads\/2025\/09\/bibeln-1-1-3-1536x1195.jpg 1536w, https:\/\/evang-dornbirn.at\/wp-content\/uploads\/2025\/09\/bibeln-1-1-3-2048x1594.jpg 2048w\" sizes=\"auto, (max-width: 1024px) 100vw, 1024px\" \/><\/a><\/figure><div class=\"wp-block-media-text__content\">\n<p class=\"wp-block-paragraph\"><strong><strong>Bibelgespr\u00e4chskreis<\/strong><\/strong><\/p>\n\n\n\n<p class=\"wp-block-paragraph\">Und was glaubst Du? Reden wir dar\u00fcber! Am 29. September von 18:30 bis 19:30 Uhr. <a href=\"https:\/\/ww2.evang-dornbirn.at\/und-was-glaubst-du-reden-wir-darueber\/\" data-type=\"post\" data-id=\"138\">Mehr dazu<\/a><\/p>\n<\/div><\/div>\n\n\n\n<div class=\"wp-block-media-text is-stacked-on-mobile\"><figure class=\"wp-block-media-text__media\"><a href=\"https:\/\/ww2.evang-dornbirn.at\/und-was-glaubst-du-reden-wir-darueber\/\"><img loading=\"lazy\" decoding=\"async\" width=\"973\" height=\"1024\" src=\"https:\/\/evang-dornbirn.at\/wp-content\/uploads\/2025\/10\/PXL_20251005_070155721-scaled-e1787756501891-973x1024.jpg\" alt=\"\" class=\"wp-image-327 size-full\" srcset=\"https:\/\/evang-dornbirn.at\/wp-content\/uploads\/2025\/10\/PXL_20251005_070155721-scaled-e1787756501891-973x1024.jpg 973w, https:\/\/evang-dornbirn.at\/wp-content\/uploads\/2025\/10\/PXL_20251005_070155721-scaled-e1787756501891-285x300.jpg 285w, https:\/\/evang-dornbirn.at\/wp-content\/uploads\/2025\/10\/PXL_20251005_070155721-scaled-e1787756501891-768x809.jpg 768w, https:\/\/evang-dornbirn.at\/wp-content\/uploads\/2025\/10\/PXL_20251005_070155721-scaled-e1787756501891-1459x1536.jpg 1459w, https:\/\/evang-dornbirn.at\/wp-content\/uploads\/2025\/10\/PXL_20251005_070155721-scaled-e1787756501891.jpg 1928w\" sizes=\"auto, (max-width: 973px) 100vw, 973px\" \/><\/a><\/figure><div class=\"wp-block-media-text__content\">\n<p class=\"wp-block-paragraph\"><strong><strong>Herbstfest nach dem FamilienGD<\/strong><\/strong><\/p>\n\n\n\n<p class=\"wp-block-paragraph\">Mit der Amtseinf\u00fchrung unseres neuen Pfarrers, Dietmar Weikl-Eschner, und der Verabschiedung unseres Verwalters, Eberhard Seyboldt. Am 4. Oktober. <a href=\"https:\/\/ww2.evang-dornbirn.at\/herbstfest-2026\/\" data-type=\"post\" data-id=\"138\">Mehr dazu<\/a><\/p>\n<\/div><\/div>\n\n\n\n<div class=\"wp-block-media-text is-stacked-on-mobile\"><figure class=\"wp-block-media-text__media\"><a href=\"https:\/\/ww2.evang-dornbirn.at\/cafe-arcade\/\"><img loading=\"lazy\" decoding=\"async\" width=\"1024\" height=\"683\" src=\"https:\/\/evang-dornbirn.at\/wp-content\/uploads\/2025\/09\/img_5459-1-1024x683.jpg\" alt=\"\" class=\"wp-image-157 size-full\" srcset=\"https:\/\/evang-dornbirn.at\/wp-content\/uploads\/2025\/09\/img_5459-1-1024x683.jpg 1024w, https:\/\/evang-dornbirn.at\/wp-content\/uploads\/2025\/09\/img_5459-1-300x200.jpg 300w, https:\/\/evang-dornbirn.at\/wp-content\/uploads\/2025\/09\/img_5459-1-768x512.jpg 768w, https:\/\/evang-dornbirn.at\/wp-content\/uploads\/2025\/09\/img_5459-1-1536x1024.jpg 1536w, https:\/\/evang-dornbirn.at\/wp-content\/uploads\/2025\/09\/img_5459-1-2048x1365.jpg 2048w\" sizes=\"auto, (max-width: 1024px) 100vw, 1024px\" \/><\/a><\/figure><div class=\"wp-block-media-text__content\">\n<p class=\"wp-block-paragraph\"><strong><strong>Caf\u00e9 ARKADE<\/strong><\/strong><\/p>\n\n\n\n<p class=\"wp-block-paragraph\">Ein gem\u00fctliches Beisammensein unter den Arkaden. Jeden dritten Mittwoch im Monat, aber erst nach der Sommerpause am 21. Oktober. <a href=\"https:\/\/ww2.evang-dornbirn.at\/cafe-arcade\/\" data-type=\"post\" data-id=\"134\">Mehr dazu<\/a><\/p>\n<\/div><\/div>\n\n\n\n<div class=\"wp-block-media-text is-stacked-on-mobile\"><figure class=\"wp-block-media-text__media\"><a href=\"https:\/\/ww2.evang-dornbirn.at\/cafe-arcade\/\"><img loading=\"lazy\" decoding=\"async\" width=\"1024\" height=\"719\" src=\"https:\/\/evang-dornbirn.at\/wp-content\/uploads\/2025\/12\/bucherflohmarkt-e1764591983402-1024x719.jpg\" alt=\"\" class=\"wp-image-473 size-full\" srcset=\"https:\/\/evang-dornbirn.at\/wp-content\/uploads\/2025\/12\/bucherflohmarkt-e1764591983402-1024x719.jpg 1024w, https:\/\/evang-dornbirn.at\/wp-content\/uploads\/2025\/12\/bucherflohmarkt-e1764591983402-300x211.jpg 300w, https:\/\/evang-dornbirn.at\/wp-content\/uploads\/2025\/12\/bucherflohmarkt-e1764591983402-768x539.jpg 768w, https:\/\/evang-dornbirn.at\/wp-content\/uploads\/2025\/12\/bucherflohmarkt-e1764591983402.jpg 1362w\" sizes=\"auto, (max-width: 1024px) 100vw, 1024px\" \/><\/a><\/figure><div class=\"wp-block-media-text__content\">\n<p class=\"wp-block-paragraph\"><strong><strong>Vorank\u00fcndigung: <strong>B\u00fccherflohmarkt und Adventm\u00e4rktle am 29.Nov.<\/strong><\/strong><\/strong><\/p>\n\n\n\n<p class=\"wp-block-paragraph\">Gute B\u00fccher haben oft mehr als ein Leben. Vielleicht stehen auch in Ihrem B\u00fccherregal Sch\u00e4tze, die anderen noch Freude bereiten k\u00f6nnen? <a href=\"https:\/\/ww2.evang-dornbirn.at\/buecherflohmarkt-und-adventmaerktle-2026\/\" data-type=\"post\" data-id=\"134\">Weiter lesen<\/a><\/p>\n<\/div><\/div>\n<\/div>\n\n\n\n<p class=\"wp-block-paragraph\">. . . . . . . . . . . . . . . . . . . . . . . . . . . . . . . . . . . . . .<\/p>\n\n\n\n<div class=\"wp-block-columns is-layout-flex wp-container-core-columns-is-layout-f56f613f wp-block-columns-is-layout-flex\">\n<div class=\"wp-block-column is-layout-flow wp-block-column-is-layout-flow\" style=\"flex-basis:81%\">\n<h5 class=\"wp-block-heading\"><strong><mark style=\"background-color:rgba(0, 0, 0, 0);color:#0693e3\" class=\"has-inline-color\">Aktueller Gemeindebrief der Pfarrgemeinden Dornbirn und Feldkirch <\/mark><\/strong><\/h5>\n\n\n\n<p class=\"wp-block-paragraph\">Den aktuellen <strong><mark style=\"background-color:rgba(0, 0, 0, 0);color:#0693e3\" class=\"has-inline-color\"><a href=\"https:\/\/evang-dornbirn.at\/wp-content\/uploads\/2026\/07\/GemBrief_3-2026_web.pdf\">Gemeindebrief \u201eevangelisch\u201c<\/a><\/mark><\/strong> mit allen derzeitigen Terminen und Informationen finden Sie <a href=\"https:\/\/evang-dornbirn.at\/wp-content\/uploads\/2026\/07\/GemBrief_3-2026_web.pdf\">hier<\/a>.<\/p>\n<\/div>\n\n\n\n<div class=\"wp-block-column is-layout-flow wp-block-column-is-layout-flow\" style=\"flex-basis:19%\">\n<figure class=\"wp-block-image size-full\"><a href=\"https:\/\/evang-dornbirn.at\/wp-content\/uploads\/2026\/07\/GemBrief_3-2026_web.pdf\" target=\"_blank\" rel=\" noreferrer noopener\"><img loading=\"lazy\" decoding=\"async\" width=\"874\" height=\"1206\" src=\"https:\/\/evang-dornbirn.at\/wp-content\/uploads\/2026\/07\/evang-3_26.png\" alt=\"\" class=\"wp-image-726\" srcset=\"https:\/\/evang-dornbirn.at\/wp-content\/uploads\/2026\/07\/evang-3_26.png 874w, https:\/\/evang-dornbirn.at\/wp-content\/uploads\/2026\/07\/evang-3_26-217x300.png 217w, https:\/\/evang-dornbirn.at\/wp-content\/uploads\/2026\/07\/evang-3_26-742x1024.png 742w, https:\/\/evang-dornbirn.at\/wp-content\/uploads\/2026\/07\/evang-3_26-768x1060.png 768w\" sizes=\"auto, (max-width: 874px) 100vw, 874px\" \/><\/a><\/figure>\n<\/div>\n<\/div>\n\n\n\n<p class=\"wp-block-paragraph\">. . . . . . . . . . . . . . . . . . . . . . . . . . . . . . . . . . . . . .<\/p>\n\n\n\n<h5 class=\"wp-block-heading\"><mark style=\"background-color:rgba(0, 0, 0, 0);color:#cf2e2e\" class=\"has-inline-color\">Weiterf\u00fchrende Informationen:<\/mark><\/h5>\n\n\n\n<details class=\"wp-block-details is-layout-flow wp-block-details-is-layout-flow\"><summary>Organisation<\/summary>\n<p class=\"wp-block-paragraph\"><a href=\"https:\/\/ww2.evang-dornbirn.at\/organisation\/\">Hier gibt es Informationen \u00fcber Gemeindevertretung, Presbyterium, Aussch\u00fcsse und Kreise in unserer Gemeinde.<\/a><\/p>\n<\/details>\n\n\n\n<details class=\"wp-block-details is-layout-flow wp-block-details-is-layout-flow\"><summary>Unsere Kirche<\/summary>\n<p class=\"wp-block-paragraph\"><a href=\"https:\/\/ww2.evang-dornbirn.at\/\">Hier finden sie Eckdaten der evangelischen Pfarrgemeinde A. u. H. B. Dornbirn.<\/a><\/p>\n<\/details>\n\n\n\n<details class=\"wp-block-details is-layout-flow wp-block-details-is-layout-flow\"><summary>Haus der Begegnung &amp; Vermietungen der R\u00e4ume im Gemeindezentrum<\/summary>\n<p class=\"wp-block-paragraph\"><a href=\"https:\/\/ww2.evang-dornbirn.at\/haus-der-begegnung\/\">Unser&nbsp;Gemeindezentrum &#8218;Haus der Begegnung&#8216;&nbsp;bietet ausgezeichnete M\u00f6glichkeiten f\u00fcr Ihre individuellen Feierlichkeiten. Mehr dazu hier.<\/a><\/p>\n<\/details>\n\n\n\n<details class=\"wp-block-details is-layout-flow wp-block-details-is-layout-flow\"><summary><mark style=\"background-color:rgba(0, 0, 0, 0);color:#0693e3\" class=\"has-inline-color\">Junge<\/mark> <mark style=\"background-color:rgba(0, 0, 0, 0);color:#ff6900\" class=\"has-inline-color\">Gemeinde<\/mark><\/summary>\n<p class=\"wp-block-paragraph\"><a href=\"https:\/\/ww2.evang-dornbirn.at\/konfifreizeit-2026\/\">Aktivit\u00e4ten unserer Jugendlichen und Kinder. <\/a><br><a href=\"https:\/\/ww2.evang-dornbirn.at\/konfifreizeit-2026\/\">Mehr Info finden Sie hier.<\/a><\/p>\n<\/details>\n\n\n\n<details class=\"wp-block-details is-layout-flow wp-block-details-is-layout-flow\"><summary>Projekte die wir stolz unterst\u00fctzen<\/summary>\n<p class=\"wp-block-paragraph\"><a href=\"https:\/\/ww2.evang-dornbirn.at\/projekte\/\">Maya-Kinder in Guatemala erhalten die M\u00f6glichkeit, ihre Sprache und Kultur zu bewahren. Mehr dazu hier.<\/a><\/p>\n<\/details>\n\n\n\n<details class=\"wp-block-details is-layout-flow wp-block-details-is-layout-flow\"><summary>Gustav-Adolf-Verein Zweigverein Vorarlberg<\/summary>\n<p class=\"wp-block-paragraph\"><a href=\"https:\/\/ww2.evang-dornbirn.at\/gustav-adolf-verein-zweigverein-vorarlberg\/\">Auch Dornbirn wurde bereits reich \u00fcber GAV unterst\u00fctzt. Mehr \u00fcber die Organisation erfahren Sie hier.<\/a><\/p>\n<\/details>\n\n\n\n<details class=\"wp-block-details is-layout-flow wp-block-details-is-layout-flow\"><summary><strong>Kontakt Informationen<\/strong><\/summary>\n<p class=\"wp-block-paragraph\"><a href=\"https:\/\/ww2.evang-dornbirn.at\/anfragen-aller-art\/\">Hier finden Sie die wichtigste Kontaktinformationen f\u00fcr Anfragen aller Art.<\/a><\/p>\n<\/details>\n\n\n\n<details class=\"wp-block-details is-layout-flow wp-block-details-is-layout-flow\"><summary>Archiv<\/summary>\n<p class=\"wp-block-paragraph\"><a href=\"https:\/\/ww2.evang-dornbirn.at\/archiv\/\">Hier sind alle vergangene Publikationen unserer Pfarrgemeinde.<\/a><\/p>\n<\/details>\n\n\n\n<p class=\"wp-block-paragraph\">Ben\u00f6tigen Sie weitere Informationen? Bitte kontaktieren Sie uns unter <a href=\"mailto:pfarramt@evang-dornbirn.at\">pfarramt@evang-dornbirn.at<\/a><\/p>\n\n\n\n<p class=\"wp-block-paragraph\"><\/p>\n","protected":false},"excerpt":{"rendered":"<p>A.u.H.B. Dornbirn mit den Predigtstellen Lustenau und Hohenems Unsere kommenden Gottesdienste: Das gesamte Gottesdienstplan bis zum Anfang 2027 finden Sie hier. . . . . . . . . . . . . . . . . . . . . . . . . . . . . . . . . . . [&hellip;]<\/p>\n","protected":false},"author":1,"featured_media":638,"parent":0,"menu_order":0,"comment_status":"closed","ping_status":"closed","template":"","meta":{"footnotes":""},"class_list":["post-17","page","type-page","status-publish","has-post-thumbnail","hentry"],"_links":{"self":[{"href":"https:\/\/evang-dornbirn.at\/Startseite\/wp-json\/wp\/v2\/pages\/17","targetHints":{"allow":["GET"]}}],"collection":[{"href":"https:\/\/evang-dornbirn.at\/Startseite\/wp-json\/wp\/v2\/pages"}],"about":[{"href":"https:\/\/evang-dornbirn.at\/Startseite\/wp-json\/wp\/v2\/types\/page"}],"author":[{"embeddable":true,"href":"https:\/\/evang-dornbirn.at\/Startseite\/wp-json\/wp\/v2\/users\/1"}],"replies":[{"embeddable":true,"href":"https:\/\/evang-dornbirn.at\/Startseite\/wp-json\/wp\/v2\/comments?post=17"}],"version-history":[{"count":10,"href":"https:\/\/evang-dornbirn.at\/Startseite\/wp-json\/wp\/v2\/pages\/17\/revisions"}],"predecessor-version":[{"id":765,"href":"https:\/\/evang-dornbirn.at\/Startseite\/wp-json\/wp\/v2\/pages\/17\/revisions\/765"}],"wp:featuredmedia":[{"embeddable":true,"href":"https:\/\/evang-dornbirn.at\/Startseite\/wp-json\/wp\/v2\/media\/638"}],"wp:attachment":[{"href":"https:\/\/evang-dornbirn.at\/Startseite\/wp-json\/wp\/v2\/media?parent=17"}],"curies":[{"name":"wp","href":"https:\/\/api.w.org\/{rel}","templated":true}]}}